{"id":27,"date":"2024-11-21T02:18:42","date_gmt":"2024-11-21T02:18:42","guid":{"rendered":"https:\/\/aufsichtsrat-dortmund.de\/?page_id=27"},"modified":"2024-11-21T23:29:57","modified_gmt":"2024-11-21T23:29:57","slug":"die-kandidaten","status":"publish","type":"page","link":"https:\/\/aufsichtsrat-dortmund.de\/?page_id=27","title":{"rendered":"Die KANDIDATEN"},"content":{"rendered":"\n<p class=\"has-text-align-center\">Wir sind nicht die Helden, die Sie erwarten. Wir sind die Helden, die Sie brauchen.<\/p>\n\n\n\n<div class=\"wp-block-media-text is-stacked-on-mobile\"><figure class=\"wp-block-media-text__media\"><img loading=\"lazy\" decoding=\"async\" width=\"796\" height=\"1024\" src=\"https:\/\/aufsichtsrat-dortmund.de\/wp-content\/uploads\/2024\/11\/martin-2-796x1024.jpg\" alt=\"\" class=\"wp-image-46 size-full\" srcset=\"https:\/\/aufsichtsrat-dortmund.de\/wp-content\/uploads\/2024\/11\/martin-2-796x1024.jpg 796w, https:\/\/aufsichtsrat-dortmund.de\/wp-content\/uploads\/2024\/11\/martin-2-233x300.jpg 233w, https:\/\/aufsichtsrat-dortmund.de\/wp-content\/uploads\/2024\/11\/martin-2-768x988.jpg 768w, https:\/\/aufsichtsrat-dortmund.de\/wp-content\/uploads\/2024\/11\/martin-2.jpg 800w\" sizes=\"auto, (max-width: 796px) 100vw, 796px\" \/><\/figure><div class=\"wp-block-media-text__content\">\n<p><strong>Position 6.1: Martin Sonneborn<\/strong><\/p>\n\n\n\n<p class=\"has-foreground-color has-text-color has-link-color wp-elements-06d9e56892e0f499ee51bc486689dcd1\"><strong>Beruf<\/strong>: Abgeordneter, Autor<\/p>\n\n\n\n<p class=\"has-foreground-color has-text-color has-link-color wp-elements-ebc167cbea8fffa50cb52abcf613dc6c\"><strong>Aktuelle T\u00e4tigkeit<\/strong>: Europaparlamentarier<\/p>\n\n\n\n<p class=\"has-foreground-color has-text-color has-link-color wp-elements-a36d456dbf6cb44a5add4fb157db8a1a\"><strong>Eignungsnachweis<\/strong>: Martin Sonneborn steht f\u00fcr eine Revolution des Fu\u00dfballmanagements. Als Initiator der Fu\u00dfball-WM in Deutschland (zusammen mit Franz Beckenbauer) hat er bewiesen, dass strategische Weitsicht und humorvolle Schlagfertigkeit eine unschlagbare Kombination sind. Mit seiner Expertise in europ\u00e4ischer B\u00fcrokratie und seinem unnachahmlichen Blick auf die Absurdit\u00e4ten des Alltags ist er der perfekte Mann, um die Stadionwurst steuerfrei zu machen.<br><strong>Weitere Mandate in gesetzlich zu bildenden Aufsichtsr\u00e4ten<\/strong>: Keine<\/p>\n<\/div><\/div>\n\n\n\n<div class=\"wp-block-media-text has-media-on-the-right is-stacked-on-mobile\"><div class=\"wp-block-media-text__content\">\n<p><strong>Position 6.2: Falko R\u00f6sch<\/strong><\/p>\n\n\n\n<p class=\"has-foreground-color has-text-color has-link-color wp-elements-55296edf02da55a3706d4da34a4f543a\"><strong>Beruf<\/strong>: Elektroniker, Wissenschaftler und Forscher mit Schwerpunkt Verteidigungsstrategien<\/p>\n\n\n\n<p class=\"has-foreground-color has-text-color has-link-color wp-elements-50e550d9745579e551e1b79407518e7b\"><strong>Aktuelle T\u00e4tigkeit<\/strong>: Stellvertretender Landesschatzmeister der Partei Die PARTEI Rheinland-Pfalz, Rentner, Immobilienmogul in Konkurrenz zu sozialen Wohnungsbaugesellschaften<\/p>\n\n\n\n<p class=\"has-foreground-color has-text-color has-link-color wp-elements-0511932c15b38259aff72a1dc5d36a68\"><strong>Eignungsnachweis<\/strong>: Falko R\u00f6sch ist ein Finanzstratege der Extraklasse \u2013 besonders, wenn es darum geht, seine Rheinmetall-Aktien mit mehr Taktik als die gegnerische Abwehr ins Plus zu bringen. Mit einem scharfen Auge f\u00fcr Profit und dem Wunsch, Tarntechnologie in die BVB-Trikots zu integrieren, ist er der vision\u00e4re Gro\u00dfaktion\u00e4r, den der Verein braucht. Sein Ziel: Nicht nur Siege auf dem Platz, sondern auch explosionsartige Umsatzsteigerungen f\u00fcr die Borussia.<\/p>\n\n\n\n<p class=\"has-foreground-color has-text-color has-link-color wp-elements-5ddced9e41ee1d89b9c1eaec18cd61b1\"><strong>Weitere Mandate in gesetzlich zu bildenden Aufsichtsr\u00e4ten<\/strong>: Keine<\/p>\n<\/div><figure class=\"wp-block-media-text__media\"><img loading=\"lazy\" decoding=\"async\" width=\"768\" height=\"1024\" src=\"https:\/\/aufsichtsrat-dortmund.de\/wp-content\/uploads\/2024\/11\/2390-klein-768x1024.jpg\" alt=\"\" class=\"wp-image-47 size-full\" srcset=\"https:\/\/aufsichtsrat-dortmund.de\/wp-content\/uploads\/2024\/11\/2390-klein-768x1024.jpg 768w, https:\/\/aufsichtsrat-dortmund.de\/wp-content\/uploads\/2024\/11\/2390-klein-225x300.jpg 225w, https:\/\/aufsichtsrat-dortmund.de\/wp-content\/uploads\/2024\/11\/2390-klein-1152x1536.jpg 1152w, https:\/\/aufsichtsrat-dortmund.de\/wp-content\/uploads\/2024\/11\/2390-klein-1536x2048.jpg 1536w, https:\/\/aufsichtsrat-dortmund.de\/wp-content\/uploads\/2024\/11\/2390-klein-scaled.jpg 1920w\" sizes=\"auto, (max-width: 768px) 100vw, 768px\" \/><\/figure><\/div>\n\n\n\n<div class=\"wp-block-media-text is-stacked-on-mobile\"><figure class=\"wp-block-media-text__media\"><img loading=\"lazy\" decoding=\"async\" width=\"768\" height=\"1024\" src=\"https:\/\/aufsichtsrat-dortmund.de\/wp-content\/uploads\/2024\/11\/foerdi-768x1024.jpg\" alt=\"\" class=\"wp-image-48 size-full\" srcset=\"https:\/\/aufsichtsrat-dortmund.de\/wp-content\/uploads\/2024\/11\/foerdi-768x1024.jpg 768w, https:\/\/aufsichtsrat-dortmund.de\/wp-content\/uploads\/2024\/11\/foerdi-225x300.jpg 225w, https:\/\/aufsichtsrat-dortmund.de\/wp-content\/uploads\/2024\/11\/foerdi.jpg 960w\" sizes=\"auto, (max-width: 768px) 100vw, 768px\" \/><\/figure><div class=\"wp-block-media-text__content\">\n<p><strong>Position 6.3: Patrick Meyer<\/strong><\/p>\n\n\n\n<p class=\"has-foreground-color has-text-color has-link-color wp-elements-084681d4ba178b85b0de034bc15f820a\"><strong>Beruf<\/strong>: Staatlich gepr\u00fcfter Erzieher, lizenzierter Fitnesstrainer<\/p>\n\n\n\n<p class=\"has-foreground-color has-text-color has-link-color wp-elements-fbe225913fbf3597db981431f6034c28\"><strong>Aktuelle T\u00e4tigkeit<\/strong>: Freigestelltes Personalratsmitglied der Stadtverwaltung Dortmund und Mitglied im Landesvorstand der Partei Die PARTEI NRW<\/p>\n\n\n\n<p class=\"has-foreground-color has-text-color has-link-color wp-elements-58623047eadc7c5fd60a0158e74fb11d\"><strong>Eignungsnachweis<\/strong>: Patrick Meyer ist der Sparfuchs unter den Kandidaten. Mit seiner Erfahrung in der Budgetverwaltung von Kindertagesst\u00e4tten wei\u00df er, wie man mit wenig viel erreichen kann. Seine Expertise in st\u00e4dtischen Finanzprozessen wird Borussia Dortmund helfen, auch in der h\u00e4rtesten Transferperiode das Beste aus jedem Euro herauszuholen \u2013 notfalls mit Fingerfarbe und Bastelschere.<\/p>\n\n\n\n<p class=\"has-foreground-color has-text-color has-link-color wp-elements-5107e677dd4a844f4398e4a3ecc6d1a3\"><strong>Weitere Mandate in gesetzlich zu bildenden Aufsichtsr\u00e4ten<\/strong>: Beratendes Mitglied im Betriebsausschuss FABIDO<\/p>\n<\/div><\/div>\n\n\n\n<div class=\"wp-block-media-text has-media-on-the-right is-stacked-on-mobile\"><div class=\"wp-block-media-text__content\">\n<p class=\"has-text-color has-link-color wp-elements-d2e94c074bd1ed548dacec73ac447191\" style=\"color:#fde100\"><strong>Position 6.4: Laura Valeria Kn\u00fcppel<\/strong><\/p>\n\n\n\n<p class=\"has-foreground-color has-text-color has-link-color wp-elements-c121b3b92444e1b6eabff1f78f0de99c\"><strong>Beruf<\/strong>: Fitnesstrainerin, Finanzjongleurin<\/p>\n\n\n\n<p class=\"has-foreground-color has-text-color has-link-color wp-elements-6f2d381e4218de9285a1328728e9a20d\"><strong>Aktuelle T\u00e4tigkeit<\/strong>: Mitarbeiterin im Fraktionsb\u00fcro der Ratsfraktion BfHo\/Die PARTEI Hagen<\/p>\n\n\n\n<p class=\"has-foreground-color has-text-color has-link-color wp-elements-70e7aa73afcd82bca2246a391a6cbf98\"><strong>Eignungsnachweis<\/strong>: Laura Valeria Kn\u00fcppel wei\u00df nicht nur, wie man die Kassen zum Schwingen bringt, sondern auch, wie man sich in einem Dschungel aus Ehren\u00e4mtern und Mandaten einen klaren Kopf bewahrt. Neben ihrer T\u00e4tigkeit als Mitglied der Sparkassenzweckverbandversammlung und als Fraktionsmitarbeiterin hat sie ein Portfolio an Ehren\u00e4mtern, das so beeindruckend wie un\u00fcbersichtlich ist. Sie ist Ratsmitglied der Stadt Hagen, Mitglied der Bezirksvertretung Mitte, sachkundige B\u00fcrgerin im Umwelt- und Klimaausschuss des LWL und demn\u00e4chst ehrenamtliche Richterin beim Verwaltungsgericht in Arnsberg. Und das ist noch nicht alles: In ihrer \u201efreien\u201c Zeit \u00fcbernimmt sie die Mandatstr\u00e4gerbetreuung im LWL\/NRW, sitzt im AK JuMa beim RGRE und ist im Vorstand des Kreisverbands Hagen der Partei Die PARTEI. Nebenbei f\u00e4hrt sie j\u00e4hrlich nach Heidelberg, um sich f\u00fcr den Olympiast\u00fctzpunkt fit zu halten. Ihre vielseitigen Talente machen sie zudem zur anerkannten K\u00fcnstlerin \u2013 mit dieser geballten Erfahrung wird sie Borussia Dortmund nicht nur finanziell, sondern auch organisatorisch auf Erfolgskurs bringen \u2013 vorausgesetzt, sie schafft es noch, einen freien Tag in ihrem Terminkalender zu finden.<\/p>\n\n\n\n<p class=\"has-foreground-color has-text-color has-link-color wp-elements-6c4df7b25dcef0f8745aec8937e4a518\"><strong>Weitere Mandate in gesetzlich zu bildenden Aufsichtsr\u00e4ten<\/strong>: Mitglied der Sparkassenzweckverbandversammlung der Sparkasse an Volme und Lahr.<\/p>\n<\/div><figure class=\"wp-block-media-text__media\"><img loading=\"lazy\" decoding=\"async\" width=\"768\" height=\"1024\" src=\"https:\/\/aufsichtsrat-dortmund.de\/wp-content\/uploads\/2024\/11\/laura-768x1024.jpg\" alt=\"\" class=\"wp-image-49 size-full\" srcset=\"https:\/\/aufsichtsrat-dortmund.de\/wp-content\/uploads\/2024\/11\/laura-768x1024.jpg 768w, https:\/\/aufsichtsrat-dortmund.de\/wp-content\/uploads\/2024\/11\/laura-225x300.jpg 225w, https:\/\/aufsichtsrat-dortmund.de\/wp-content\/uploads\/2024\/11\/laura.jpg 960w\" sizes=\"auto, (max-width: 768px) 100vw, 768px\" \/><\/figure><\/div>\n\n\n\n<div class=\"wp-block-media-text is-stacked-on-mobile\"><figure class=\"wp-block-media-text__media\"><img loading=\"lazy\" decoding=\"async\" width=\"472\" height=\"1024\" src=\"https:\/\/aufsichtsrat-dortmund.de\/wp-content\/uploads\/2024\/11\/uli-472x1024.jpg\" alt=\"\" class=\"wp-image-50 size-full\" srcset=\"https:\/\/aufsichtsrat-dortmund.de\/wp-content\/uploads\/2024\/11\/uli-472x1024.jpg 472w, https:\/\/aufsichtsrat-dortmund.de\/wp-content\/uploads\/2024\/11\/uli-138x300.jpg 138w, https:\/\/aufsichtsrat-dortmund.de\/wp-content\/uploads\/2024\/11\/uli.jpg 586w\" sizes=\"auto, (max-width: 472px) 100vw, 472px\" \/><\/figure><div class=\"wp-block-media-text__content\">\n<p><strong>Position 6.5: Dr. Ulrich Wolf<\/strong><\/p>\n\n\n\n<p class=\"has-foreground-color has-text-color has-link-color wp-elements-7dd6a098dc7fcd5ba3f0d4e44eba1be7\"><strong>Beruf<\/strong>: Business Solution Consultant, R\u00fcstungsexperte aus \u00dcberzeugung<\/p>\n\n\n\n<p class=\"has-foreground-color has-text-color has-link-color wp-elements-3ce5d645e90ad66e0e3d8453abaaf3c8\"><strong>Aktuelle T\u00e4tigkeit<\/strong>: Business Solution Consultant<\/p>\n\n\n\n<p class=\"has-foreground-color has-text-color has-link-color wp-elements-8fa5e18124ea1b07f70e366cb86687d0\"><strong>Eignungsnachweis<\/strong>: Dr. Ulrich Wolf denkt gro\u00df \u2013 und an unsichtbare Tore. Mit seinem technischen Know-how und seiner Liebe f\u00fcr effiziente Systeme wird er Borussia Dortmund in neue Dimensionen des Marketings f\u00fchren. Kooperationen mit Hightech-Unternehmen und revolution\u00e4re Spielanalysen sollen den BVB an die Spitze des europ\u00e4ischen Fu\u00dfballs katapultieren \u2013 zumindest theoretisch.<\/p>\n\n\n\n<p class=\"has-foreground-color has-text-color has-link-color wp-elements-5ddced9e41ee1d89b9c1eaec18cd61b1\"><strong>Weitere Mandate in gesetzlich zu bildenden Aufsichtsr\u00e4ten<\/strong>: Keine<\/p>\n<\/div><\/div>\n\n\n\n<div class=\"wp-block-media-text has-media-on-the-right is-stacked-on-mobile\"><div class=\"wp-block-media-text__content\">\n<p class=\"has-text-color has-link-color wp-elements-d1ad3601a0bbb86933c9f82e0a7dff93\" style=\"color:#fde100\"><strong>Position 6.7: Tillmann Finger<\/strong><\/p>\n\n\n\n<p class=\"has-foreground-color has-text-color has-link-color wp-elements-134cf7d77ee2c7b2fce581f882521312\"><strong>Beruf<\/strong>: Klimaingenieur, Umweltschutz-Philosoph, Waffelnarr<\/p>\n\n\n\n<p class=\"has-foreground-color has-text-color has-link-color wp-elements-9cfd1e6f7121616c0ab58257d7320687\"><strong>Aktuelle T\u00e4tigkeit<\/strong>: Stadtrat in Schw\u00e4bisch Hall, Mitglied des Aufsichtsrats der Stadtwerke Schw\u00e4bisch Hall<\/p>\n\n\n\n<p class=\"has-foreground-color has-text-color has-link-color wp-elements-3211ce02dbab1720fd82d8cb286f03ef\"><strong>Eignungsnachweis<\/strong>: Tillmann Finger bringt eine gr\u00fcne Agenda f\u00fcr Borussia Dortmund \u2013 vom nachhaltigen Rasen bis zur CO\u2082-neutralen Torjubel-Drohne. Als Waffelnarr sorgt er nicht nur f\u00fcr innovative Ideen, sondern auch f\u00fcr leckere Pausenverpflegung. Mit seiner Bierpreisbremse hat er bewiesen, dass Umweltschutz und Fanfreundlichkeit kein Widerspruch sein m\u00fcssen.<\/p>\n\n\n\n<p class=\"has-foreground-color has-text-color has-link-color wp-elements-661f87a4521e335d16823adbfbe65507\"><strong>Weitere Mandate in gesetzlich zu bildenden Aufsichtsr\u00e4ten<\/strong>: Mitglied des Aufsichtsrats der Stadtwerke Schw\u00e4bisch Hall<\/p>\n\n\n\n<p class=\"has-foreground-color has-text-color has-link-color wp-elements-8c680cc8835b1b996b56d4c1540a55a8\"><strong>Auszeichnungen<\/strong>: Verdienstorden der PARTEI f\u00fcr die Einf\u00fchrung der Bierpreisbremse in Schw\u00e4bisch Hall<\/p>\n\n\n\n<p class=\"has-foreground-color has-text-color has-link-color wp-elements-49978240597fa0e9e15c6d6b120eead5\"><strong>Zus\u00e4tzliche Engagements<\/strong>: Vorstand des Ortsverbands Schw\u00e4bisch Hall der PARTEI, BVB-Fan seit schon immer<\/p>\n<\/div><figure class=\"wp-block-media-text__media\"><img loading=\"lazy\" decoding=\"async\" width=\"2560\" height=\"1707\" src=\"https:\/\/aufsichtsrat-dortmund.de\/wp-content\/uploads\/2024\/11\/Tillmann-Finger-klein-scaled.jpg\" alt=\"\" class=\"wp-image-51 size-full\" srcset=\"https:\/\/aufsichtsrat-dortmund.de\/wp-content\/uploads\/2024\/11\/Tillmann-Finger-klein-scaled.jpg 2560w, https:\/\/aufsichtsrat-dortmund.de\/wp-content\/uploads\/2024\/11\/Tillmann-Finger-klein-300x200.jpg 300w, https:\/\/aufsichtsrat-dortmund.de\/wp-content\/uploads\/2024\/11\/Tillmann-Finger-klein-1024x683.jpg 1024w, https:\/\/aufsichtsrat-dortmund.de\/wp-content\/uploads\/2024\/11\/Tillmann-Finger-klein-768x512.jpg 768w, https:\/\/aufsichtsrat-dortmund.de\/wp-content\/uploads\/2024\/11\/Tillmann-Finger-klein-1536x1024.jpg 1536w, https:\/\/aufsichtsrat-dortmund.de\/wp-content\/uploads\/2024\/11\/Tillmann-Finger-klein-2048x1365.jpg 2048w\" sizes=\"auto, (max-width: 2560px) 100vw, 2560px\" \/><\/figure><\/div>\n\n\n\n<div class=\"wp-block-media-text is-stacked-on-mobile\"><figure class=\"wp-block-media-text__media\"><img loading=\"lazy\" decoding=\"async\" width=\"1024\" height=\"683\" src=\"https:\/\/aufsichtsrat-dortmund.de\/wp-content\/uploads\/2024\/11\/olaf-1024x683.jpg\" alt=\"\" class=\"wp-image-52 size-full\" srcset=\"https:\/\/aufsichtsrat-dortmund.de\/wp-content\/uploads\/2024\/11\/olaf-1024x683.jpg 1024w, https:\/\/aufsichtsrat-dortmund.de\/wp-content\/uploads\/2024\/11\/olaf-300x200.jpg 300w, https:\/\/aufsichtsrat-dortmund.de\/wp-content\/uploads\/2024\/11\/olaf-768x512.jpg 768w, https:\/\/aufsichtsrat-dortmund.de\/wp-content\/uploads\/2024\/11\/olaf.jpg 1280w\" sizes=\"auto, (max-width: 1024px) 100vw, 1024px\" \/><\/figure><div class=\"wp-block-media-text__content\">\n<p><strong>Position 6.8: Olaf Schl\u00f6sser<\/strong><\/p>\n\n\n\n<p class=\"has-foreground-color has-text-color has-link-color wp-elements-4f48386de1cad5617e38ea6a0f57ba2c\"><strong>Beruf<\/strong>: Handwerklicher Ausbilder, Sozialarbeiter, Berater<\/p>\n\n\n\n<p class=\"has-foreground-color has-text-color has-link-color wp-elements-4845261316d883ab330f8b17674a5e2d\"><strong>Aktuelle T\u00e4tigkeit<\/strong>: Selbst\u00e4ndig<\/p>\n\n\n\n<p class=\"has-foreground-color has-text-color has-link-color wp-elements-77ef91503a9eccc59389c32fc526ad93\"><strong>Eignungsnachweis<\/strong>: Olaf Schl\u00f6sser ist ein Handwerker des Fu\u00dfballs \u2013 er bringt Struktur in chaotische Prozesse und sorgt f\u00fcr den n\u00f6tigen Feinschliff. Mit seiner Erfahrung in Bildung und Organisationsentwicklung hat er das Talent, Borussia Dortmund nicht nur sportlich, sondern auch finanziell zu stabilisieren. Ein Mann der klaren Worte und noch klareren Kassenb\u00fccher.<\/p>\n\n\n\n<p class=\"has-foreground-color has-text-color has-link-color wp-elements-d5f23dba0c0946932122dafcac5fac97\"><strong>Weitere Mandate in gesetzlich zu bildenden Aufsichtsr\u00e4ten<\/strong>: Mitglied des Aufsichtsrats der DOGEWO Dortmunder Gesellschaft f\u00fcr Wohnen<\/p>\n<\/div><\/div>\n\n\n\n<div class=\"wp-block-media-text has-media-on-the-right is-stacked-on-mobile\"><div class=\"wp-block-media-text__content\">\n<p><strong>Position 6.9: Nils Brekenkamp<\/strong><\/p>\n\n\n\n<p class=\"has-foreground-color has-text-color has-link-color wp-elements-156a9302a39076632f0ddf62ddb32f46\"><strong>Beruf<\/strong>: Betriebsschlosser, Maschinenf\u00fchrer, Fu\u00dfballromantiker<\/p>\n\n\n\n<p class=\"has-foreground-color has-text-color has-link-color wp-elements-8be9081d28b2978f3a9e8643cddd24eb\"><strong>Aktuelle T\u00e4tigkeit<\/strong>: Industriemechaniker, Hobby-Fu\u00dfballanalyst und Schatzmeister eines ganzen Ortsverbandes der PARTEI<\/p>\n\n\n\n<p class=\"has-foreground-color has-text-color has-link-color wp-elements-77128361b5c5cfd048ecd27ee6ff0fc8\"><strong>Eignungsnachweis<\/strong>: Nils Brekenkamp ist der Kandidat f\u00fcr alle, die den Fu\u00dfball lieben, wie er fr\u00fcher war. Mit seiner praktischen Erfahrung als Maschinenf\u00fchrer bringt er Schwung in den stotternden Motor des Profifu\u00dfballs. Als Schatzmeister eines ganzen Ortsverbandes der PARTEI hat er au\u00dferdem bewiesen, dass er nicht nur mit Werkzeug, sondern auch mit Zahlen umgehen kann. Ehrlich, bodenst\u00e4ndig und mit einem Herz f\u00fcr die Kurve \u2013 genau das, was Borussia Dortmund braucht, um nicht nur die Maschinen, sondern auch die Herzen wieder zum Laufen zu bringen.<\/p>\n\n\n\n<p class=\"has-foreground-color has-text-color has-link-color wp-elements-5ddced9e41ee1d89b9c1eaec18cd61b1\"><strong>Weitere Mandate in gesetzlich zu bildenden Aufsichtsr\u00e4ten<\/strong>: Keine<\/p>\n<\/div><figure class=\"wp-block-media-text__media\"><img loading=\"lazy\" decoding=\"async\" width=\"768\" height=\"1024\" src=\"https:\/\/aufsichtsrat-dortmund.de\/wp-content\/uploads\/2024\/11\/nils-768x1024.jpg\" alt=\"\" class=\"wp-image-53 size-full\" srcset=\"https:\/\/aufsichtsrat-dortmund.de\/wp-content\/uploads\/2024\/11\/nils-768x1024.jpg 768w, https:\/\/aufsichtsrat-dortmund.de\/wp-content\/uploads\/2024\/11\/nils-225x300.jpg 225w, https:\/\/aufsichtsrat-dortmund.de\/wp-content\/uploads\/2024\/11\/nils.jpg 960w\" sizes=\"auto, (max-width: 768px) 100vw, 768px\" \/><\/figure><\/div>\n\n\n\n<p><\/p>\n","protected":false},"excerpt":{"rendered":"<p>Wir sind nicht die Helden, die Sie erwarten. Wir sind die Helden, die Sie brauchen. Position 6.1: Martin Sonneborn Beruf: Abgeordneter, Autor Aktuelle T\u00e4tigkeit: Europaparlamentarier Eignungsnachweis: Martin Sonneborn steht f\u00fcr eine Revolution des Fu\u00dfballmanagements. Als Initiator der Fu\u00dfball-WM in Deutschland (zusammen mit Franz Beckenbauer) hat er bewiesen, dass strategische Weitsicht und humorvolle Schlagfertigkeit eine unschlagbare [&hellip;]<\/p>\n","protected":false},"author":1,"featured_media":0,"parent":0,"menu_order":0,"comment_status":"closed","ping_status":"closed","template":"","meta":{"footnotes":""},"class_list":["post-27","page","type-page","status-publish","hentry"],"_links":{"self":[{"href":"https:\/\/aufsichtsrat-dortmund.de\/index.php?rest_route=\/wp\/v2\/pages\/27","targetHints":{"allow":["GET"]}}],"collection":[{"href":"https:\/\/aufsichtsrat-dortmund.de\/index.php?rest_route=\/wp\/v2\/pages"}],"about":[{"href":"https:\/\/aufsichtsrat-dortmund.de\/index.php?rest_route=\/wp\/v2\/types\/page"}],"author":[{"embeddable":true,"href":"https:\/\/aufsichtsrat-dortmund.de\/index.php?rest_route=\/wp\/v2\/users\/1"}],"replies":[{"embeddable":true,"href":"https:\/\/aufsichtsrat-dortmund.de\/index.php?rest_route=%2Fwp%2Fv2%2Fcomments&post=27"}],"version-history":[{"count":11,"href":"https:\/\/aufsichtsrat-dortmund.de\/index.php?rest_route=\/wp\/v2\/pages\/27\/revisions"}],"predecessor-version":[{"id":77,"href":"https:\/\/aufsichtsrat-dortmund.de\/index.php?rest_route=\/wp\/v2\/pages\/27\/revisions\/77"}],"wp:attachment":[{"href":"https:\/\/aufsichtsrat-dortmund.de\/index.php?rest_route=%2Fwp%2Fv2%2Fmedia&parent=27"}],"curies":[{"name":"wp","href":"https:\/\/api.w.org\/{rel}","templated":true}]}}